{"id":9704,"date":"2021-06-17T08:51:26","date_gmt":"2021-06-17T08:51:26","guid":{"rendered":"https:\/\/ghiti.it\/video\/scomencin-a-svola\/"},"modified":"2021-06-17T09:55:15","modified_gmt":"2021-06-17T09:55:15","slug":"scomencin-a-svola","status":"publish","type":"video","link":"https:\/\/ghiti.it\/it\/video\/scomencin-a-svola\/","title":{"rendered":"Scomencin a svol\u00e2"},"content":{"rendered":"\n<p>Una presentazione di <strong>ARLeF<\/strong> \u2013 Agjenzie Regjon\u00e2l pe Lenghe Furlane<\/p>\n\n\n\n<p>\u201c<strong>Il Ream dai Fruts<\/strong>\u201d \u00e8 l\u2019adattamento del progetto internazionale nato in Argentina \u201cEl Reino infantil\u201d, per la prima volta in lingua friulana. Portato in Italia da Azzurra Music, con testi di Alberto Zeppieri dell\u2019Associazione Numar Un, \u00e8 composto da 12 videocanzoni animate, interpretate da noti artisti della scena musicale friulana.<\/p>\n\n\n\n<p><strong>Scomencin a svol\u00e2. <\/strong>Cantata da Dania Lascialfari<br>Testo di Eduardo Alberto Marceillac, Cecilia Maria Teresa Rogier e Alberto Zeppieri<br>Registrata da David Zeppieri presso \u201cThe Cavern Studios\u201d di Udine<br>Voce maschile: Barbe Albert<\/p>\n\n\n\n<p><em>Cum\u00f2 o fas\u00ecn un z\u00fbc che o sai che al plasar\u00e0<\/em><br><em>scolt\u00ecn par ben il ritmi, che no vin di fal\u00e2.<\/em><br><em>Batudis lis manutis, tach\u00ecn a movi i p\u00eets<\/em><br><em>dai dai che si scomence: un e doi e tr\u00ea.<\/em><br><em>Cuntune man par chi, ch\u00ea altre man par l\u00e0<\/em><br><em>sbass\u00ecnsi fi n par tiere, torn\u00ecnsi po a jev\u00e2.<\/em><br><em>Cuntune man par chi, ch\u00ea altre man par l\u00e0<\/em><br><em>tant che a fossin alis, nus fasaran svol\u00e2 (2 voltis).<\/em><br><em>O vin tac\u00e2t il z\u00fbc, o vi\u00f4t che al pl\u00e2s un grum<\/em><br><em>e par pod\u00ea f\u00e2 mi\u00f4r\u2026 lino indenant cul brun?<\/em><br><em>No dome cu lis mans, mov\u00ecnsi a plui pod\u00ea<\/em><br><em>fas\u00ecn doi z\u00eers in tont, ducj in c\u00f4r cun me.<\/em><br><em>Cuntune man par chi, ch\u00ea altre man par l\u00e0<\/em><br><em>sbass\u00ecnsi fi n par tiere, torn\u00ecnsi po a jev\u00e2.<\/em><br><em>Cuntune man par chi, ch\u00ea altre man par l\u00e0<\/em><br><em>tant che a fossin alis, nus fasaran svol\u00e2 (2 voltis).<\/em><br><em>Tant che a fossin alis, nus fasaran svol\u00e2,<\/em><br><em>tant che a fossin alis, nus fasaran svol\u00e2!<\/em><\/p>\n\n\n\n<p><strong>Credits<\/strong><\/p>\n\n\n\n<p>Un progetto di Alberto Zeppieri (Associazion Numar Un)<br>Realizzato con il finanziamento di ARLeF &#8211; Agjenzie Regjon\u00e2l pe Lenghe Furlane<br>Consulenza linguistica a cura di Sportel Regjon\u00e2l pe Lenghe Furlane dell&#8217;ARLeF<br>Progetto grafico di David Zeppieri<br>Missaggio e mastering di Roberto Cetoli presso \u201cAccademia Recording Studio\u201d, Verona<br>Sincronizzazione musica e video di Federico Rettondini<br>Un ringraziamento a Eros Cisilino, William Cisilino, Federica Del Pino, Francesca Battistutta, Linda Picco, Michela De Fazio, Andrea \u201cDree\u201d Venier, Roberto Cetoli, Karin Mensah, Lella Carcereri, Marco Rossi, Marta Recchia, Michele Sartori, Mauro Missana, Christian Romanini, Franz Contadini, dj Tubet, Cinzia Pravisani<br>Edizioni Musicali di Azzurra Music srl, Pastrengo (VR)<br>Su licenza di Editorial Leader Music S.A. (Argentina)<\/p>\n","protected":false},"featured_media":9627,"menu_order":0,"template":"","series":[99],"class_list":["post-9704","video","type-video","status-publish","has-post-thumbnail","hentry","series-il-ream-dai-fruts-it"],"acf":{"url_video":"https:\/\/www.youtube-nocookie.com\/embed\/8ZfOERHClTE?autoplay=0&showinfo=0&rel=0&modestbranding=1&playsinline=1&enablejsapi=1","anno":"","video_correlati":"","risorse_correlate":"","n_ordine":50},"_links":{"self":[{"href":"https:\/\/ghiti.it\/it\/wp-json\/wp\/v2\/video\/9704"}],"collection":[{"href":"https:\/\/ghiti.it\/it\/wp-json\/wp\/v2\/video"}],"about":[{"href":"https:\/\/ghiti.it\/it\/wp-json\/wp\/v2\/types\/video"}],"version-history":[{"count":1,"href":"https:\/\/ghiti.it\/it\/wp-json\/wp\/v2\/video\/9704\/revisions"}],"predecessor-version":[{"id":9705,"href":"https:\/\/ghiti.it\/it\/wp-json\/wp\/v2\/video\/9704\/revisions\/9705"}],"wp:featuredmedia":[{"embeddable":true,"href":"https:\/\/ghiti.it\/it\/wp-json\/wp\/v2\/media\/9627"}],"wp:attachment":[{"href":"https:\/\/ghiti.it\/it\/wp-json\/wp\/v2\/media?parent=9704"}],"wp:term":[{"taxonomy":"series","embeddable":true,"href":"https:\/\/ghiti.it\/it\/wp-json\/wp\/v2\/series?post=9704"}],"curies":[{"name":"wp","href":"https:\/\/api.w.org\/{rel}","templated":true}]}}