{"id":9718,"date":"2021-06-17T08:39:00","date_gmt":"2021-06-17T08:39:00","guid":{"rendered":"https:\/\/ghiti.it\/video\/cu-lis-mans-o-tocji-dut\/"},"modified":"2021-06-17T10:14:03","modified_gmt":"2021-06-17T10:14:03","slug":"cu-lis-mans-o-tocji-dut","status":"publish","type":"video","link":"https:\/\/ghiti.it\/it\/video\/cu-lis-mans-o-tocji-dut\/","title":{"rendered":"Cu lis mans o tocji dut"},"content":{"rendered":"\n<p>Una presentazione di <strong>ARLeF<\/strong> \u2013 Agjenzie Regjon\u00e2l pe Lenghe Furlane<\/p>\n\n\n\n<p>\u201c<strong>Il Ream dai Fruts<\/strong>\u201d \u00e8 l\u2019adattamento del progetto internazionale nato in Argentina \u201cEl Reino infantil\u201d, per la prima volta in lingua friulana. Portato in Italia da Azzurra Music, con testi di Alberto Zeppieri dell\u2019Associazione Numar Un, \u00e8 composto da 12 videocanzoni animate, interpretate da noti artisti della scena musicale friulana.<\/p>\n\n\n\n<p><strong>Cu lis mans o tocji dut. <\/strong>Cantata da Silvia Michelotti<br>Testo di Eduardo Alberto Marceillac, Cecilia Maria Teresa Rogier e Alberto Zeppieri<br>Registrata da Francesco Marzona presso il \u201cBirdland Studio\u201d di Udine<br>Voce maschile: Barbe Albert<\/p>\n\n\n\n<p><em>Cu lis mans o tocji dut\u2026 dut\u2026 e cui p\u00eets o voi fi n l\u00e0,<\/em><br><em>cui miei voi o cjali e o vi\u00f4t\u2026 ca\u2026 dut achel che o vin di f\u00e2.<\/em><br><em>Cu lis m\u00eas orelis ti scolti e cul n\u00e2s jo o nasi cuss\u00ec,<\/em><br><em>cu la v\u00f4s o voi cjantant\u2026 po\u2026 la cjan\u00e7on e je dute ach\u00ec.<\/em><br><em>Cu lis mans jo ti saludi e cui p\u00eets o pues salt\u00e2,<\/em><br><em>cui miei bra\u00e7s o sai imbra\u00e7\u00e2ti, po ti invidi a zui\u00e2.<\/em><br><em>Cu lis m\u00eas orelis ti scolti e cul n\u00e2s jo o nasi cuss\u00ec,<\/em><br><em>cu la v\u00f4s o voi cjantant\u2026 po\u2026 la cjan\u00e7on e je dute ach\u00ec.<\/em><br><em>La la lalla lalla lalla\u2026 la la lalla lalla l\u00e0\u2026<\/em><br><em>cu la v\u00f4s o voi cjantant\u2026 jo\u2026 la cjan\u00e7on je dute ach\u00ec,<\/em><br><em>cu la v\u00f4s o voi cjantant\u2026 jo\u2026 la cjan\u00e7on je dute ach\u00ec<\/em><\/p>\n\n\n\n<p><em>Credits<\/em><\/p>\n\n\n\n<p>Un progetto di Alberto Zeppieri (Associazion Numar Un)<br>Realizzato con il finanziamento di ARLeF &#8211; Agjenzie Regjon\u00e2l pe Lenghe Furlane<br>Consulenza linguistica a cura di Sportel Regjon\u00e2l pe Lenghe Furlane dell&#8217;ARLeF<br>Progetto grafico di David Zeppieri<br>Missaggio e mastering di Roberto Cetoli presso \u201cAccademia Recording Studio\u201d, Verona<br>Sincronizzazione musica e video di Federico Rettondini<br>Un ringraziamento a Eros Cisilino, William Cisilino, Federica Del Pino, Francesca Battistutta, Linda Picco, Michela De Fazio, Andrea \u201cDree\u201d Venier, Roberto Cetoli, Karin Mensah, Lella Carcereri, Marco Rossi, Marta Recchia, Michele Sartori, Mauro Missana, Christian Romanini, Franz Contadini, dj Tubet, Cinzia Pravisani<br>Edizioni Musicali di Azzurra Music srl, Pastrengo (VR)<br>Su licenza di Editorial Leader Music S.A. (Argentina)<\/p>\n","protected":false},"featured_media":9592,"menu_order":0,"template":"","series":[99],"class_list":["post-9718","video","type-video","status-publish","has-post-thumbnail","hentry","series-il-ream-dai-fruts-it"],"acf":{"url_video":"https:\/\/www.youtube-nocookie.com\/embed\/FrHurh4wnGo?autoplay=0&showinfo=0&rel=0&modestbranding=1&playsinline=1&enablejsapi=1","anno":"","video_correlati":"","risorse_correlate":"","n_ordine":0},"_links":{"self":[{"href":"https:\/\/ghiti.it\/it\/wp-json\/wp\/v2\/video\/9718"}],"collection":[{"href":"https:\/\/ghiti.it\/it\/wp-json\/wp\/v2\/video"}],"about":[{"href":"https:\/\/ghiti.it\/it\/wp-json\/wp\/v2\/types\/video"}],"version-history":[{"count":1,"href":"https:\/\/ghiti.it\/it\/wp-json\/wp\/v2\/video\/9718\/revisions"}],"predecessor-version":[{"id":9719,"href":"https:\/\/ghiti.it\/it\/wp-json\/wp\/v2\/video\/9718\/revisions\/9719"}],"wp:featuredmedia":[{"embeddable":true,"href":"https:\/\/ghiti.it\/it\/wp-json\/wp\/v2\/media\/9592"}],"wp:attachment":[{"href":"https:\/\/ghiti.it\/it\/wp-json\/wp\/v2\/media?parent=9718"}],"wp:term":[{"taxonomy":"series","embeddable":true,"href":"https:\/\/ghiti.it\/it\/wp-json\/wp\/v2\/series?post=9718"}],"curies":[{"name":"wp","href":"https:\/\/api.w.org\/{rel}","templated":true}]}}